{"id":119,"date":"2020-01-19T22:07:08","date_gmt":"2020-01-19T22:07:08","guid":{"rendered":"http:\/\/ciic.dev\/?page_id=119"},"modified":"2021-02-23T06:36:18","modified_gmt":"2021-02-23T06:36:18","slug":"year2014","status":"publish","type":"page","link":"https:\/\/ciic.az\/az\/media-events\/year2014\/","title":{"rendered":"2014"},"content":{"rendered":"<div>\n<div>\n<h2>XB\u0130\u015e Az\u0259rbaycan \u2013 T\u00fcrkiy\u0259 Biznes Forumunda i\u015ftirak etmi\u015fdir<\/h2>\n<p>\u201cX\u0259z\u0259r Beyn\u0259lxalq \u0130nvestisiya \u015eirk\u0259ti\u201d Az\u0259rbaycan \u2013 T\u00fcrkiy\u0259 biznes forumunda i\u015ftirak etmi\u015fdir. Forum 30 oktyabr, 2014-c\u00fc il tarixind\u0259 m\u00fcxt\u0259lif sektorlarda f\u0259aliyy\u0259t g\u00f6st\u0259r\u0259n T\u00fcrkiy\u0259 \u015firk\u0259tl\u0259rinin i\u015ftirak\u0131 il\u0259 ke\u00e7irilmi\u015fdir.<\/p>\n<p><em>30 Oktyabr 2014<\/em><\/p>\n<hr \/>\n<h2>Dubayda \u00dcmumd\u00fcnya \u0130slam \u0130qtisadi Forumu ke\u00e7irilmi\u015fdir<\/h2>\n<p>XB\u0130\u015e\u2013in r\u0259hb\u0259r n\u00fcmay\u0259nd\u0259 hey\u0259ti \u201c\u0130qtisadi \u0130nki\u015faf \u00fc\u00e7\u00fcn \u0130nnovativ T\u0259r\u0259fda\u015fl\u0131qlar\u201d m\u00f6vzusunda 28-30 oktyabr, 2014-c\u00fc il tarixind\u0259 Dubayda ke\u00e7irilmi\u015f 10-cu \u00dcmumd\u00fcnya \u0130slam \u0130qtisadi Forumunda (\u00dc\u0130\u0130F) i\u015ftirak etmi\u015fdir. Forumda \u00fcmumilikd\u0259 102 \u00f6lk\u0259d\u0259n olan 3,150 i\u015ftirak\u00e7\u0131n\u0131 t\u0259\u015fkil ed\u0259n 8 qlobal lider, 12 nazir, 4 m\u0259rk\u0259zi bank s\u0259drl\u0259ri, apar\u0131c\u0131 korporativ \u015f\u0259xsl\u0259r, i\u015fg\u00fczar qad\u0131nlar v\u0259 g\u0259nc sahibkarlar, \u0259sas q\u0259rar q\u0259buledicil\u0259r, fikir liderl\u0259ri, g\u0259nc sahibkarlar v\u0259 yarad\u0131c\u0131 insanlar i\u015ftirak etmi\u015fdir.<sup>-<\/sup> -<\/p>\n<p><img loading=\"lazy\" decoding=\"async\" class=\"alignnone size-medium wp-image-215\" src=\"https:\/\/pilot.ciic.az\/wp-content\/uploads\/2020\/02\/06isl-300x169.jpg\" alt=\"\" width=\"300\" height=\"169\" srcset=\"https:\/\/ciic.az\/wp-content\/uploads\/2020\/02\/06isl-300x169.jpg 300w, https:\/\/ciic.az\/wp-content\/uploads\/2020\/02\/06isl-768x432.jpg 768w, https:\/\/ciic.az\/wp-content\/uploads\/2020\/02\/06isl.jpg 900w\" sizes=\"auto, (max-width: 300px) 100vw, 300px\" \/> <img loading=\"lazy\" decoding=\"async\" class=\"alignnone size-medium wp-image-216\" src=\"https:\/\/pilot.ciic.az\/wp-content\/uploads\/2020\/02\/05isl-300x169.jpg\" alt=\"\" width=\"300\" height=\"169\" srcset=\"https:\/\/ciic.az\/wp-content\/uploads\/2020\/02\/05isl-300x169.jpg 300w, https:\/\/ciic.az\/wp-content\/uploads\/2020\/02\/05isl-768x432.jpg 768w, https:\/\/ciic.az\/wp-content\/uploads\/2020\/02\/05isl.jpg 900w\" sizes=\"auto, (max-width: 300px) 100vw, 300px\" \/> <img loading=\"lazy\" decoding=\"async\" class=\"alignnone size-medium wp-image-217\" src=\"https:\/\/pilot.ciic.az\/wp-content\/uploads\/2020\/02\/04isl-300x169.jpg\" alt=\"\" width=\"300\" height=\"169\" srcset=\"https:\/\/ciic.az\/wp-content\/uploads\/2020\/02\/04isl-300x169.jpg 300w, https:\/\/ciic.az\/wp-content\/uploads\/2020\/02\/04isl-768x432.jpg 768w, https:\/\/ciic.az\/wp-content\/uploads\/2020\/02\/04isl.jpg 900w\" sizes=\"auto, (max-width: 300px) 100vw, 300px\" \/> <img loading=\"lazy\" decoding=\"async\" class=\"alignnone size-medium wp-image-218\" src=\"https:\/\/pilot.ciic.az\/wp-content\/uploads\/2020\/02\/03isl-300x169.jpg\" alt=\"\" width=\"300\" height=\"169\" srcset=\"https:\/\/ciic.az\/wp-content\/uploads\/2020\/02\/03isl-300x169.jpg 300w, https:\/\/ciic.az\/wp-content\/uploads\/2020\/02\/03isl-768x432.jpg 768w, https:\/\/ciic.az\/wp-content\/uploads\/2020\/02\/03isl.jpg 900w\" sizes=\"auto, (max-width: 300px) 100vw, 300px\" \/> <img loading=\"lazy\" decoding=\"async\" class=\"alignnone size-medium wp-image-219\" src=\"https:\/\/pilot.ciic.az\/wp-content\/uploads\/2020\/02\/02isl-300x169.jpg\" alt=\"\" width=\"300\" height=\"169\" srcset=\"https:\/\/ciic.az\/wp-content\/uploads\/2020\/02\/02isl-300x169.jpg 300w, https:\/\/ciic.az\/wp-content\/uploads\/2020\/02\/02isl-768x432.jpg 768w, https:\/\/ciic.az\/wp-content\/uploads\/2020\/02\/02isl.jpg 900w\" sizes=\"auto, (max-width: 300px) 100vw, 300px\" \/> <img loading=\"lazy\" decoding=\"async\" class=\"alignnone size-medium wp-image-220\" src=\"https:\/\/pilot.ciic.az\/wp-content\/uploads\/2020\/02\/01isl-300x169.jpg\" alt=\"\" width=\"300\" height=\"169\" srcset=\"https:\/\/ciic.az\/wp-content\/uploads\/2020\/02\/01isl-300x169.jpg 300w, https:\/\/ciic.az\/wp-content\/uploads\/2020\/02\/01isl-768x432.jpg 768w, https:\/\/ciic.az\/wp-content\/uploads\/2020\/02\/01isl.jpg 900w\" sizes=\"auto, (max-width: 300px) 100vw, 300px\" \/><\/p>\n<p><em> 28 Oktyabr 2014<\/em><\/p>\n<\/div>\n<hr \/>\n<h2>XB\u0130\u015e \u201cBakuBuild-2014\u201d s\u0259rgisind\u0259 i\u015ftirak etmi\u015fdir<\/h2>\n<div class=\"post_body\">\n<p>\u201cX\u0259z\u0259r Beyn\u0259lxalq \u0130nvestisiya \u015eirk\u0259ti\u201d 22- 25 oktyabr tarixl\u0259rind\u0259 Bak\u0131 Ekspo M\u0259rk\u0259zind\u0259 ke\u00e7iril\u0259n 20-ci yubiley Az\u0259rbaycan Beyn\u0259lxalq \u0130n\u015faat \u201cBakuBuild 2014\u201d s\u0259rgisind\u0259 i\u015ftirak etmi\u015fdir. Lobbi v\u0259 a\u00e7\u0131q hava \u0259razil\u0259ri daxil olmaqla, Bak\u0131 Ekspo M\u0259rk\u0259zinin b\u00fct\u00fcn pavilyonlar\u0131nda 29 \u00f6lk\u0259d\u0259n 490 \u015firk\u0259t s\u0259rgil\u0259nmi\u015f v\u0259 n\u00fcmayi\u015f olunmu\u015fdur.<\/p>\n<p>BakuBuild Az\u0259rbaycan Respublikas\u0131n\u0131n \u0130qtisadiyyat v\u0259 S\u0259naye Nazirliyinin, Az\u0259rbaycan Respublikas\u0131 D\u00f6vl\u0259t \u015e\u0259h\u0259rsalma v\u0259 Arxitektura Komit\u0259sinin, Az\u0259rbaycan Respublikas\u0131 Sahibkarlar (\u0130\u015f\u0259g\u00f6t\u00fcr\u0259nl\u0259r) T\u0259\u015fkilatlar\u0131n\u0131n Milli Konfederasiyas\u0131 v\u0259 Az\u0259rbaycanda \u0130xrac\u0131n v\u0259 \u0130nvestisiyan\u0131n  T\u0259\u015fviqi Fondunun (AZPROMO) r\u0259smi d\u0259st\u0259yin\u0259 malik olmu\u015fdur.<\/p>\n<p><em>23 Oktyabr 2014<\/em><\/p>\n<hr \/>\n<h2>XB\u0130\u015e regional biznes forumda i\u015ftirak etmi\u015fdir<\/h2>\n<p>22 Oktyabr, 2014-c\u00fc il, X\u0259z\u0259r Beyn\u0259lxalq \u0130nvestisiya \u015eirk\u0259ti, Pa\u015fa Bank\u0131n \u015e\u0259kid\u0259 Ke\u00e7irdiyi regional bizness forumunda i\u015ftirak edib. T\u0259dbird\u0259, k\u0259nd t\u0259s\u0259rr\u00fcfat\u0131 v\u0259  aqrar s\u0259nayenin \u00f6lk\u0259 iqtisadiyyat\u0131nda m\u00fch\u00fcm rolu v\u0259 inki\u015faf\u0131 m\u00fczakir\u0259 olunub.<\/p>\n<p><img loading=\"lazy\" decoding=\"async\" class=\"alignnone size-medium wp-image-221\" src=\"https:\/\/pilot.ciic.az\/wp-content\/uploads\/2020\/02\/cic4-300x169.jpg\" alt=\"\" width=\"300\" height=\"169\" srcset=\"https:\/\/ciic.az\/wp-content\/uploads\/2020\/02\/cic4-300x169.jpg 300w, https:\/\/ciic.az\/wp-content\/uploads\/2020\/02\/cic4-768x432.jpg 768w, https:\/\/ciic.az\/wp-content\/uploads\/2020\/02\/cic4.jpg 900w\" sizes=\"auto, (max-width: 300px) 100vw, 300px\" \/> <img loading=\"lazy\" decoding=\"async\" class=\"alignnone size-medium wp-image-222\" src=\"https:\/\/pilot.ciic.az\/wp-content\/uploads\/2020\/02\/cic3-300x169.jpg\" alt=\"\" width=\"300\" height=\"169\" srcset=\"https:\/\/ciic.az\/wp-content\/uploads\/2020\/02\/cic3-300x169.jpg 300w, https:\/\/ciic.az\/wp-content\/uploads\/2020\/02\/cic3-768x432.jpg 768w, https:\/\/ciic.az\/wp-content\/uploads\/2020\/02\/cic3.jpg 900w\" sizes=\"auto, (max-width: 300px) 100vw, 300px\" \/> <img loading=\"lazy\" decoding=\"async\" class=\"alignnone size-medium wp-image-223\" src=\"https:\/\/pilot.ciic.az\/wp-content\/uploads\/2020\/02\/cic2-300x169.jpg\" alt=\"\" width=\"300\" height=\"169\" srcset=\"https:\/\/ciic.az\/wp-content\/uploads\/2020\/02\/cic2-300x169.jpg 300w, https:\/\/ciic.az\/wp-content\/uploads\/2020\/02\/cic2-768x432.jpg 768w, https:\/\/ciic.az\/wp-content\/uploads\/2020\/02\/cic2.jpg 900w\" sizes=\"auto, (max-width: 300px) 100vw, 300px\" \/> <img loading=\"lazy\" decoding=\"async\" class=\"alignnone size-medium wp-image-224\" src=\"https:\/\/pilot.ciic.az\/wp-content\/uploads\/2020\/02\/06isl-1-300x169.jpg\" alt=\"\" width=\"300\" height=\"169\" srcset=\"https:\/\/ciic.az\/wp-content\/uploads\/2020\/02\/06isl-1-300x169.jpg 300w, https:\/\/ciic.az\/wp-content\/uploads\/2020\/02\/06isl-1-768x432.jpg 768w, https:\/\/ciic.az\/wp-content\/uploads\/2020\/02\/06isl-1.jpg 900w\" sizes=\"auto, (max-width: 300px) 100vw, 300px\" \/><\/p>\n<p><em> 22 Oktyabr 2014<\/em><\/p>\n<\/div>\n<hr \/>\n<\/div>\n<h2>XB\u0130\u015e Az\u0259rbaycan-Rusiya Biznes Forumunda i\u015ftirak etmi\u015fdir<\/h2>\n<p>\u201cX\u0259z\u0259r Beyn\u0259lxalq \u0130nvestisiya \u015eirk\u0259ti\u201d \u015firk\u0259ti 16 oktyabr, 2014-c\u00fc il tarixind\u0259 Bak\u0131 Biznes M\u0259rk\u0259zind\u0259 ke\u00e7iril\u0259n Az\u0259rbaycan \u2013 Rusiya Biznes Forumunda t\u0259msil olunmu\u015fdur.\n\nForum, \u0130qtisadiyyat v\u0259 S\u0259naye Nazirliyinin d\u0259st\u0259yi il\u0259 Az\u0259rbaycanda \u0130xrac\u0131n v\u0259 \u0130nvestisiyan\u0131n  T\u0259\u015fviqi Fondu (AZPROMO) t\u0259r\u0259find\u0259n t\u0259\u015fkil olunmu\u015fdur. M\u00fcxt\u0259lif sektorlarda f\u0259aliyy\u0259t g\u00f6st\u0259r\u0259n 15-\u0259 yax\u0131n Rusiya \u015firk\u0259ti t\u0259dbird\u0259 i\u015ftirak etmi\u015fdir.<\/p>\n<p><img loading=\"lazy\" decoding=\"async\" class=\"alignnone size-medium wp-image-226\" src=\"https:\/\/pilot.ciic.az\/wp-content\/uploads\/2020\/02\/02arb-300x169.jpg\" alt=\"\" width=\"300\" height=\"169\" srcset=\"https:\/\/ciic.az\/wp-content\/uploads\/2020\/02\/02arb-300x169.jpg 300w, https:\/\/ciic.az\/wp-content\/uploads\/2020\/02\/02arb-768x432.jpg 768w, https:\/\/ciic.az\/wp-content\/uploads\/2020\/02\/02arb.jpg 900w\" sizes=\"auto, (max-width: 300px) 100vw, 300px\" \/> <img loading=\"lazy\" decoding=\"async\" class=\"alignnone size-medium wp-image-227\" src=\"https:\/\/pilot.ciic.az\/wp-content\/uploads\/2020\/02\/cic4-1-300x169.jpg\" alt=\"\" width=\"300\" height=\"169\" srcset=\"https:\/\/ciic.az\/wp-content\/uploads\/2020\/02\/cic4-1-300x169.jpg 300w, https:\/\/ciic.az\/wp-content\/uploads\/2020\/02\/cic4-1-768x432.jpg 768w, https:\/\/ciic.az\/wp-content\/uploads\/2020\/02\/cic4-1.jpg 900w\" sizes=\"auto, (max-width: 300px) 100vw, 300px\" \/><\/p>\n<p>&nbsp;<\/p>\n<p><em>16 Oktyabr 2014<\/em><\/p>\n<hr \/>\n<h2>XB\u0130\u015e Thomson Reuters t\u0259r\u0259find\u0259n t\u0259\u015fkil olunan seminarda i\u015ftirak etmi\u015fdir<\/h2>\n<p>\u201cX\u0259z\u0259r Beyn\u0259lxalq \u0130nvestisiya \u015eirk\u0259ti\u201d 15 oktyabr, 2014-c\u00fc il tarixind\u0259 Thomson Reuters t\u0259r\u0259find\u0259n ke\u00e7iril\u0259n \u201cQlobal kapital bazar\u0131n\u0131n qeyri-sabitliyi \u00fczr\u0259 hedcinq riskinin bazar g\u00f6st\u0259ricil\u0259rin\u0259 v\u0259 metodlar\u0131na dair icmal\u0131\u201d adl\u0131 seminarda i\u015ftirak etmi\u015fdir.<\/p>\n<p><img loading=\"lazy\" decoding=\"async\" class=\"alignnone size-medium wp-image-228\" src=\"https:\/\/pilot.ciic.az\/wp-content\/uploads\/2020\/02\/870-300x200.jpg\" alt=\"\" width=\"300\" height=\"200\" srcset=\"https:\/\/ciic.az\/wp-content\/uploads\/2020\/02\/870-300x200.jpg 300w, https:\/\/ciic.az\/wp-content\/uploads\/2020\/02\/870-768x512.jpg 768w, https:\/\/ciic.az\/wp-content\/uploads\/2020\/02\/870.jpg 800w\" sizes=\"auto, (max-width: 300px) 100vw, 300px\" \/> <img loading=\"lazy\" decoding=\"async\" class=\"alignnone size-medium wp-image-229\" src=\"https:\/\/pilot.ciic.az\/wp-content\/uploads\/2020\/02\/869-300x200.jpg\" alt=\"\" width=\"300\" height=\"200\" srcset=\"https:\/\/ciic.az\/wp-content\/uploads\/2020\/02\/869-300x200.jpg 300w, https:\/\/ciic.az\/wp-content\/uploads\/2020\/02\/869-768x512.jpg 768w, https:\/\/ciic.az\/wp-content\/uploads\/2020\/02\/869.jpg 800w\" sizes=\"auto, (max-width: 300px) 100vw, 300px\" \/> <img loading=\"lazy\" decoding=\"async\" class=\"alignnone size-medium wp-image-230\" src=\"https:\/\/pilot.ciic.az\/wp-content\/uploads\/2020\/02\/868-300x200.jpg\" alt=\"\" width=\"300\" height=\"200\" srcset=\"https:\/\/ciic.az\/wp-content\/uploads\/2020\/02\/868-300x200.jpg 300w, https:\/\/ciic.az\/wp-content\/uploads\/2020\/02\/868-768x512.jpg 768w, https:\/\/ciic.az\/wp-content\/uploads\/2020\/02\/868.jpg 800w\" sizes=\"auto, (max-width: 300px) 100vw, 300px\" \/> <img loading=\"lazy\" decoding=\"async\" class=\"alignnone size-medium wp-image-231\" src=\"https:\/\/pilot.ciic.az\/wp-content\/uploads\/2020\/02\/867-300x196.jpg\" alt=\"\" width=\"300\" height=\"196\" srcset=\"https:\/\/ciic.az\/wp-content\/uploads\/2020\/02\/867-300x196.jpg 300w, https:\/\/ciic.az\/wp-content\/uploads\/2020\/02\/867-768x502.jpg 768w, https:\/\/ciic.az\/wp-content\/uploads\/2020\/02\/867.jpg 800w\" sizes=\"auto, (max-width: 300px) 100vw, 300px\" \/> <img loading=\"lazy\" decoding=\"async\" class=\"alignnone size-medium wp-image-232\" src=\"https:\/\/pilot.ciic.az\/wp-content\/uploads\/2020\/02\/866-300x200.jpg\" alt=\"\" width=\"300\" height=\"200\" srcset=\"https:\/\/ciic.az\/wp-content\/uploads\/2020\/02\/866-300x200.jpg 300w, https:\/\/ciic.az\/wp-content\/uploads\/2020\/02\/866-768x512.jpg 768w, https:\/\/ciic.az\/wp-content\/uploads\/2020\/02\/866.jpg 800w\" sizes=\"auto, (max-width: 300px) 100vw, 300px\" \/> <img loading=\"lazy\" decoding=\"async\" class=\"alignnone size-medium wp-image-233\" src=\"https:\/\/pilot.ciic.az\/wp-content\/uploads\/2020\/02\/865-300x200.jpg\" alt=\"\" width=\"300\" height=\"200\" srcset=\"https:\/\/ciic.az\/wp-content\/uploads\/2020\/02\/865-300x200.jpg 300w, https:\/\/ciic.az\/wp-content\/uploads\/2020\/02\/865-768x512.jpg 768w, https:\/\/ciic.az\/wp-content\/uploads\/2020\/02\/865.jpg 800w\" sizes=\"auto, (max-width: 300px) 100vw, 300px\" \/> <img loading=\"lazy\" decoding=\"async\" class=\"alignnone size-medium wp-image-234\" src=\"https:\/\/pilot.ciic.az\/wp-content\/uploads\/2020\/02\/02arb-1-300x200.jpg\" alt=\"\" width=\"300\" height=\"200\" srcset=\"https:\/\/ciic.az\/wp-content\/uploads\/2020\/02\/02arb-1-300x200.jpg 300w, https:\/\/ciic.az\/wp-content\/uploads\/2020\/02\/02arb-1-768x512.jpg 768w, https:\/\/ciic.az\/wp-content\/uploads\/2020\/02\/02arb-1.jpg 800w\" sizes=\"auto, (max-width: 300px) 100vw, 300px\" \/><\/p>\n<p><em>15 Oktyabr 2014<\/em><\/p>\n<hr \/>\n<h2>XB\u0130\u015e v\u0259 Bak\u0131 Beyn\u0259lxalq S\u0259naye Konfrans\u0131-2014<\/h2>\n<p>26 -27 oktyabr, 2014-c\u00fc il tarixind\u0259 XB\u0130\u015e Az\u0259rbaycan Respublikas\u0131 \u0130qtisadiyyat v\u0259 S\u0259naye Nazirliyi, Birl\u0259\u015fmi\u015f Mill\u0259tl\u0259rin S\u0259naye \u0130nki\u015faf\u0131 T\u0259\u015fkilat\u0131 (UN\u0130DO) v\u0259 Almaniya Beyn\u0259lxalq \u018fm\u0259kda\u015fl\u0131q C\u0259miyy\u0259ti (GIZ) t\u0259r\u0259find\u0259n t\u0259\u015fkil olunan  Bak\u0131 Beyn\u0259lxalq S\u0259naye Konfrans\u0131nda i\u015ftirak etmi\u015fdir. T\u0259dbirin \u0259sas m\u00f6vzular\u0131 s\u0259naye siyas\u0259tinin \u0259sas istiqam\u0259tl\u0259ri, iyirmi birinci \u0259srd\u0259 m\u00fcasir yana\u015fma v\u0259 t\u0259cr\u00fcb\u0259l\u0259r olmu\u015fdur.<\/p>\n<p><img loading=\"lazy\" decoding=\"async\" class=\"alignnone size-medium wp-image-236\" src=\"https:\/\/pilot.ciic.az\/wp-content\/uploads\/2020\/02\/20141126_093442-300x169.jpg\" alt=\"\" width=\"300\" height=\"169\" srcset=\"https:\/\/ciic.az\/wp-content\/uploads\/2020\/02\/20141126_093442-300x169.jpg 300w, https:\/\/ciic.az\/wp-content\/uploads\/2020\/02\/20141126_093442-768x432.jpg 768w, https:\/\/ciic.az\/wp-content\/uploads\/2020\/02\/20141126_093442.jpg 900w\" sizes=\"auto, (max-width: 300px) 100vw, 300px\" \/><\/p>\n<p><em> 26 Noyabr 2014<\/em><\/p>\n<hr \/>\n<h2>MHBS yenilikl\u0259ri v\u0259 XB\u0130\u015e<\/h2>\n<p>25 noyabrda \u201cX\u0259z\u0259r Beyn\u0259lxalq \u0130nvestisiya \u015eirk\u0259ti\u201d qeyri-maliyy\u0259 t\u0259\u015fkilatlar\u0131 \u00fc\u00e7\u00fcn MHBS yenilikl\u0259rinin n\u0259z\u0259rd\u0259n ke\u00e7irilm\u0259sin\u0259 dair ke\u00e7iril\u0259n seminarda i\u015ftirak etmi\u015fdir.\n\nSeminar\u0131n proqram\u0131na MHBS-lara dair yenilikl\u0259rin  v\u0259 yeni q\u0259bul edilmi\u015f MHBS-lar\u0131n \u00fcmumi olaraq n\u0259z\u0259rd\u0259n ke\u00e7irilm\u0259si daxil idi.<\/p>\n<p><img loading=\"lazy\" decoding=\"async\" class=\"alignnone size-medium wp-image-237\" src=\"https:\/\/pilot.ciic.az\/wp-content\/uploads\/2020\/02\/874-300x225.jpg\" alt=\"\" width=\"300\" height=\"225\" srcset=\"https:\/\/ciic.az\/wp-content\/uploads\/2020\/02\/874-300x225.jpg 300w, https:\/\/ciic.az\/wp-content\/uploads\/2020\/02\/874-768x576.jpg 768w, https:\/\/ciic.az\/wp-content\/uploads\/2020\/02\/874.jpg 800w\" sizes=\"auto, (max-width: 300px) 100vw, 300px\" \/> <img loading=\"lazy\" decoding=\"async\" class=\"alignnone size-medium wp-image-238\" src=\"https:\/\/pilot.ciic.az\/wp-content\/uploads\/2020\/02\/873-300x211.jpg\" alt=\"\" width=\"300\" height=\"211\" srcset=\"https:\/\/ciic.az\/wp-content\/uploads\/2020\/02\/873-300x211.jpg 300w, https:\/\/ciic.az\/wp-content\/uploads\/2020\/02\/873-768x540.jpg 768w, https:\/\/ciic.az\/wp-content\/uploads\/2020\/02\/873.jpg 800w\" sizes=\"auto, (max-width: 300px) 100vw, 300px\" \/> <img loading=\"lazy\" decoding=\"async\" class=\"alignnone size-medium wp-image-239\" src=\"https:\/\/pilot.ciic.az\/wp-content\/uploads\/2020\/02\/872-300x225.jpg\" alt=\"\" width=\"300\" height=\"225\" srcset=\"https:\/\/ciic.az\/wp-content\/uploads\/2020\/02\/872-300x225.jpg 300w, https:\/\/ciic.az\/wp-content\/uploads\/2020\/02\/872-768x576.jpg 768w, https:\/\/ciic.az\/wp-content\/uploads\/2020\/02\/872.jpg 800w\" sizes=\"auto, (max-width: 300px) 100vw, 300px\" \/> <img loading=\"lazy\" decoding=\"async\" class=\"alignnone size-medium wp-image-240\" src=\"https:\/\/pilot.ciic.az\/wp-content\/uploads\/2020\/02\/871-300x225.jpg\" alt=\"\" width=\"300\" height=\"225\" srcset=\"https:\/\/ciic.az\/wp-content\/uploads\/2020\/02\/871-300x225.jpg 300w, https:\/\/ciic.az\/wp-content\/uploads\/2020\/02\/871-768x576.jpg 768w, https:\/\/ciic.az\/wp-content\/uploads\/2020\/02\/871.jpg 800w\" sizes=\"auto, (max-width: 300px) 100vw, 300px\" \/><\/p>\n<p><em> 25 Noyabr 2014<\/em><\/p>\n<hr \/>\n<h2>\u201c\u00d6z\u0259l sektora investisiyalar bizim \u0259sas m\u0259qs\u0259dimizdir\"<\/h2>\n<p><img loading=\"lazy\" decoding=\"async\" class=\"alignleft size-medium wp-image-241\" src=\"https:\/\/pilot.ciic.az\/wp-content\/uploads\/2020\/02\/news1-300x247.jpg\" alt=\"\" width=\"300\" height=\"247\" srcset=\"https:\/\/ciic.az\/wp-content\/uploads\/2020\/02\/news1-300x247.jpg 300w, https:\/\/ciic.az\/wp-content\/uploads\/2020\/02\/news1.jpg 461w\" sizes=\"auto, (max-width: 300px) 100vw, 300px\" \/><\/p>\n<p><em>\u201cX\u0259z\u0259r Beyn\u0259lxalq \u0130nvestisiya \u015eirk\u0259ti\u201d QSC (XB\u0130\u015e) 2008-ci ilin mart ay\u0131nda t\u0259sis edilmi\u015f investisiya t\u0259\u015fkilat\u0131d\u0131r.\n\nXB\u0130\u015e-nin s\u0259hmdarlar\u0131 aras\u0131nda d\u00f6vl\u0259t t\u0259\u015fkilat\u0131 olan \u201cAz\u0259rbaycan \u0130nvestisiya \u015eirk\u0259ti\u201d ASC, K\u00fcveyt Krall\u0131\u011f\u0131n\u0131n iri konqlomeratlar\u0131ndan olan \u201cAref \u0130nvestment Qrup\u201d, Y\u0259m\u0259nin \u201cAl-Ahmar Qrup\u201d \u015firk\u0259ti, el\u0259c\u0259 d\u0259 beyn\u0259lxalq t\u0259\u015fkilatlar olan \u201c\u00d6z\u0259l Sektorun \u0130nki\u015faf\u0131 \u00fczr\u0259 \u0130slam Korporasiyas\u0131\u201d v\u0259 \u201c\u0130slam \u0130nki\u015faf Bank\u0131\u201d yer al\u0131r. XB\u0130\u015e-nin m\u0259qs\u0259di inki\u015faf etm\u0259kd\u0259 olan Az\u0259rbaycan iqtisadiyyat\u0131na m\u00fcsb\u0259t t\u00f6hf\u0259 ver\u0259c\u0259k investisiya layih\u0259l\u0259rini h\u0259yata ke\u00e7irm\u0259kdir.<\/em><\/p>\n<p>&nbsp;<\/p>\n<p>&nbsp;<\/p>\n<p>&nbsp;<\/p>\n<p><strong>Sual: XB\u0130\u015e t\u0259r\u0259find\u0259n t\u0259tbiq edil\u0259n investisiya prinsipl\u0259ri n\u0259d\u0259n ibar\u0259tdir?<\/strong><\/p>\n<p><strong>Cavab:<\/strong> XB\u0130\u015e-nin investisiya q\u0259rarlar\u0131 g\u0259lirlilik, layih\u0259l\u0259rin d\u0259y\u0259rl\u0259ndirilm\u0259sin\u0259 kompleks yana\u015fma v\u0259 Az\u0259rbaycan iqtisadiyyat\u0131na veril\u0259n t\u00f6hf\u0259 prinsipl\u0259ri \u00fcz\u0259rind\u0259 qurulur. Biz neft-qaz v\u0259 maliyy\u0259 sektorlar\u0131 istisna olmaqla, qanuni f\u0259aliyy\u0259t g\u00f6st\u0259r\u0259n, \u015e\u0259ri\u0259t qaydalar\u0131na zidd olmayan, maliyy\u0259 c\u0259h\u0259td\u0259n g\u0259lirli hesab olunan v\u0259 Az\u0259rbaycan Respublikas\u0131n\u0131n iqtisadiyyat\u0131n\u0131n inki\u015faf\u0131na m\u00fcsb\u0259t t\u0259sir ed\u0259 bil\u0259c\u0259k ist\u0259nil\u0259n istehsalat v\u0259 ya xidm\u0259t sah\u0259sin\u0259 investisiya qoyulu\u015flar\u0131 h\u0259yata ke\u00e7ir\u0259 bil\u0259rik.<\/p>\n<p><strong>S: Bu vaxtad\u0259k ne\u00e7\u0259 investisiya layih\u0259sini h\u0259yata ke\u00e7irmisiniz?<\/strong><\/p>\n<p><strong>C:<\/strong> XB\u0130\u015e bu g\u00fcn\u0259d\u0259k m\u00fcxt\u0259lif biznes sektorlar\u0131n\u0131 t\u0259msil ed\u0259n \u00fc\u00e7 layih\u0259ni realla\u015fd\u0131rm\u0131\u015fd\u0131r.<\/p>\n<p>S\u00f6z\u00fcged\u0259n layih\u0259l\u0259rd\u0259n biri \u0259sas konsepsiyas\u0131 k\u0259nd t\u0259s\u0259rr\u00fcfat\u0131 m\u0259hsullar\u0131n\u0131n saxlan\u0131lmas\u0131 \u00fc\u00e7\u00fcn n\u0259z\u0259rd\u0259 tutulan anbarlar\u0131n in\u015fas\u0131 v\u0259 icar\u0259y\u0259 verilm\u0259sind\u0259n ibar\u0259t olan loqistika kompleksidir.<\/p>\n<p>\u0130kinci investisiya qoyulu\u015fu da\u015f\u0131nmaz \u0259mlak sektoruna, daha d\u0259qiq des\u0259k, Ab\u015feron rayonunun Masaz\u0131r q\u0259s\u0259b\u0259sind\u0259 yerl\u0259\u015f\u0259n \u201cVilla Badam\u201d ya\u015fay\u0131\u015f kompleksin\u0259 h\u0259yata ke\u00e7irilmi\u015fdir. \u0130nvestisiyan\u0131n m\u0259qs\u0259di kompleksd\u0259 yerl\u0259\u015f\u0259n villalar\u0131 tikintinin ilkin d\u00f6vrl\u0259rind\u0259 almaq v\u0259 tamamlama i\u015fl\u0259rind\u0259n sonra h\u0259min \u0259mlaklar\u0131 satmaqdan ibar\u0259tdir. Hal-haz\u0131rda layih\u0259 ba\u015fa \u00e7atd\u0131r\u0131lma m\u0259rh\u0259l\u0259sind\u0259dir.<\/p>\n<p>Dig\u0259r layih\u0259mizi, Bak\u0131 \u015f\u0259h\u0259rind\u0259ki restoran v\u0259 mehmanxanalar\u0131 yerli meyv\u0259 v\u0259 t\u0259r\u0259v\u0259zl\u0259 t\u0259chiz ed\u0259n \u201cA-Aqro\u201d \u015firk\u0259ti t\u0259msil edir. H\u0259m\u00e7inin, \u201cA-Aqro\u201d uzun m\u00fcdd\u0259tdir ki, Az\u0259rbaycanda yerl\u0259\u015f\u0259n \u201cMcDonald\u2019s\u201d restoranlar \u015f\u0259b\u0259k\u0259sinin t\u0259chizat\u00e7\u0131s\u0131d\u0131r. Sevindirici hald\u0131r ki, f\u0259aliyy\u0259ti m\u00fcdd\u0259tind\u0259 g\u00f6st\u0259rdiyi y\u00fcks\u0259k keyfiyy\u0259tli xidm\u0259tin n\u0259tic\u0259sind\u0259 \u201cA-Aqro\u201d bu yax\u0131nlarda s\u00f6z\u00fcged\u0259n restoranlar \u015f\u0259b\u0259k\u0259sinin qlobal t\u0259chizat\u00e7\u0131s\u0131 statusunu qazanm\u0131\u015fd\u0131r. H\u0259min status \u201cA-Aqro\u201d \u015firk\u0259tin\u0259 d\u00fcnyan\u0131n ist\u0259nil\u0259n yerind\u0259, x\u00fcsusil\u0259 MDB m\u0259kan\u0131nda yerl\u0259\u015f\u0259n \u201cMcDonald\u2019s\u201d restoranlar\u0131n\u0131 m\u00fcvafiq m\u0259hsullarla t\u0259min etm\u0259k h\u00fcququ verir. Hal-haz\u0131rda \u201cA-Aqro\u201d istehsal h\u0259cminin art\u0131r\u0131lmas\u0131 v\u0259 bazar m\u00f6vqeyinin g\u00fccl\u0259ndirilm\u0259si \u00fczr\u0259 t\u0259dbirl\u0259r h\u0259yata ke\u00e7irir.<\/p>\n<p><strong>S: C\u0259nab A\u011falarov, bildiyiniz kimi, 2014-c\u00fc il \u201cS\u0259naye \u0130li\u201d elan olunub. XB\u0130\u015e bu t\u0259\u015f\u0259bb\u00fcs\u0259 nec\u0259 t\u00f6hf\u0259 ver\u0259 bil\u0259r?<\/strong><\/p>\n<p><strong>C:<\/strong> D\u00f6vl\u0259timizin \u00f6z\u0259l sektorun inki\u015faf\u0131na g\u00f6st\u0259rdiyi \u0259h\u0259miyy\u0259tli d\u0259st\u0259yin ham\u0131m\u0131z \u015fahidiyik. Misal \u00fc\u00e7\u00fcn, bu yax\u0131nlarda c\u0259nab Prezidentin m\u00fcvafiq g\u00f6st\u0259ri\u015fl\u0259ri \u0259sas\u0131nda maliyy\u0259 institutlar\u0131 t\u0259r\u0259find\u0259n \u00f6z\u0259l sektora maliyy\u0259 v\u0259saitl\u0259rinin ax\u0131n\u0131 \u00fc\u00e7\u00fcn \u0259lveri\u015fli \u015f\u0259rait yaradacaq yeni qanunlar q\u00fcvv\u0259y\u0259 minmi\u015fdir. Habel\u0259, indiy\u0259d\u0259k iqtisadiyyat\u0131n m\u00fcxt\u0259lif sektorlar\u0131na d\u00f6vl\u0259t investisiyalar\u0131n\u0131n h\u0259yata ke\u00e7irilm\u0259si \u00f6z\u0259l sektorun inki\u015faf\u0131na v\u0259 \u00dcDM-nin artmas\u0131na s\u0259b\u0259b olmu\u015fdur. \u00d6lk\u0259mizin inki\u015faf\u0131nda maraql\u0131 olan investisiya t\u0259\u015fkilat\u0131 kimi, habel\u0259 \u00f6z\u0259l sektora investisiya qoyulu\u015funun bizim \u0259sas m\u0259qs\u0259dimiz oldu\u011funu n\u0259z\u0259r\u0259 alaraq, biz c\u0259nab Prezidentin iqtisadi siyas\u0259tinin h\u0259yata ke\u00e7irilm\u0259sinin f\u0259al i\u015ftirak\u00e7\u0131lar\u0131ndan biriyik. \u0130stehsal il\u0259 \u0259laq\u0259li v\u0259 eyni zamanda inki\u015faf y\u00f6n\u00fcml\u00fc olan layih\u0259l\u0259r\u0259 investisiya h\u0259yata ke\u00e7irm\u0259kl\u0259, biz bu t\u0259\u015f\u0259bb\u00fcs\u0259 \u00f6z t\u00f6hf\u0259mizi verm\u0259y\u0259 \u00e7al\u0131\u015f\u0131r\u0131q.<\/p>\n<p><strong>S: XB\u0130\u015e-nin g\u0259l\u0259c\u0259k planlar\u0131 n\u0259d\u0259n ibar\u0259tdir? Yax\u0131n g\u0259l\u0259c\u0259kd\u0259 h\u0259r hans\u0131 yeni investisiya layih\u0259sini n\u0259z\u0259rd\u0259n ke\u00e7irirsinizmi?<\/strong><\/p>\n<p><strong>C:<\/strong> Biz, hal-haz\u0131rda, aktiv \u015f\u0259kild\u0259 yeni layih\u0259l\u0259rin say\u0131n\u0131n art\u0131r\u0131lmas\u0131 \u00fcz\u0259rind\u0259 \u00e7al\u0131\u015f\u0131r\u0131q. \u015eirk\u0259timiz sahibkarlar, i\u015f adamlar\u0131 v\u0259 m\u00fcxt\u0259lif t\u0259\u015fkilatlar t\u0259r\u0259find\u0259n biznes t\u0259klifl\u0259rini v\u0259 potensial investisiya layih\u0259l\u0259rini n\u0259z\u0259rd\u0259n ke\u00e7irm\u0259y\u0259 haz\u0131rd\u0131r.<\/p>\n<p>We are ready to consider any potential projects and open for business proposals from entrepreneurs, organizations and business people.<\/p>\n<p><a href=\"http:\/\/www.azernews.az\/business\/72231.html\">www.azernews.az<\/a><\/p>\n<p><a href=\"http:\/\/1news.az\/interview\/20141022102424296.html\" target=\"_blank\" rel=\"noopener noreferrer\">1news.az<\/a><\/p>\n<p><em>25 Dekabr 2014<\/em><\/p>\n<p>&nbsp;<\/p>\n<p>&nbsp;<\/p>","protected":false},"excerpt":{"rendered":"<p>Azerbaijan-Turkish Business Forum was attended by CIIC Caspian International Investment Company has participated in the Azerbaijani-Turkish business forum. The forum was held with participation of Turkish companies engaged in different sectors on 30 October, 2014. 30 October 2014 World Islamic Economic Forum-2014 was held in Dubai Managerial delegation from CIIC participated at the 10th World [&hellip;]<\/p>","protected":false},"author":1,"featured_media":58,"parent":57,"menu_order":0,"comment_status":"closed","ping_status":"closed","template":"page-media-events.php","meta":{"_acf_changed":false,"footnotes":""},"class_list":["post-119","page","type-page","status-publish","has-post-thumbnail","hentry"],"acf":[],"_links":{"self":[{"href":"https:\/\/ciic.az\/az\/wp-json\/wp\/v2\/pages\/119","targetHints":{"allow":["GET"]}}],"collection":[{"href":"https:\/\/ciic.az\/az\/wp-json\/wp\/v2\/pages"}],"about":[{"href":"https:\/\/ciic.az\/az\/wp-json\/wp\/v2\/types\/page"}],"author":[{"embeddable":true,"href":"https:\/\/ciic.az\/az\/wp-json\/wp\/v2\/users\/1"}],"replies":[{"embeddable":true,"href":"https:\/\/ciic.az\/az\/wp-json\/wp\/v2\/comments?post=119"}],"version-history":[{"count":8,"href":"https:\/\/ciic.az\/az\/wp-json\/wp\/v2\/pages\/119\/revisions"}],"predecessor-version":[{"id":404,"href":"https:\/\/ciic.az\/az\/wp-json\/wp\/v2\/pages\/119\/revisions\/404"}],"up":[{"embeddable":true,"href":"https:\/\/ciic.az\/az\/wp-json\/wp\/v2\/pages\/57"}],"wp:featuredmedia":[{"embeddable":true,"href":"https:\/\/ciic.az\/az\/wp-json\/wp\/v2\/media\/58"}],"wp:attachment":[{"href":"https:\/\/ciic.az\/az\/wp-json\/wp\/v2\/media?parent=119"}],"curies":[{"name":"wp","href":"https:\/\/api.w.org\/{rel}","templated":true}]}}